{"id":21,"date":"2012-10-28T14:39:44","date_gmt":"2012-10-28T13:39:44","guid":{"rendered":"http:\/\/samtalsomcirklar.se\/?page_id=21"},"modified":"2024-03-08T17:02:08","modified_gmt":"2024-03-08T16:02:08","slug":"om-mig","status":"publish","type":"page","link":"https:\/\/samtalsomcirklar.se\/?page_id=21","title":{"rendered":"Om mig"},"content":{"rendered":"<p><img loading=\"lazy\" decoding=\"async\" class=\"alignright size-thumbnail wp-image-718\" src=\"https:\/\/samtalsomcirklar.se\/wp-content\/uploads\/2012\/10\/Helena1-150x150.jpg\" alt=\"Helena\" width=\"150\" height=\"150\"><\/p>\n<p style=\"font-weight: 400;\">Jag \u00e4r auktoriserad socionom med handledarutbildning (45 hp) och p\u00e5byggnadskurs i kreativa metoder (15 hp) samt en grundl\u00e4ggande psykoterapiutbildning (steg 1) med systemisk inriktning (30 hp).<\/p>\n<p style=\"font-weight: 400;\">Min inriktning som socialarbetare \u00e4r att fokusera p\u00e5 det som fungerar och bygga vidare p\u00e5 positiva spiraler, utan att bortse ifr\u00e5n det som \u00e4r sv\u00e5rt. Min plattform \u00e4r systemteoretisk. Det inneb\u00e4r att jag f\u00f6rs\u00f6ker beh\u00e5lla fokus p\u00e5 det m\u00e5ngdimensionella i den m\u00e4nskliga tillvaron och fokuserar p\u00e5 relationer och positioner. I handledning inneb\u00e4r det bland annat att jag arbetar aktivt f\u00f6r att m\u00f6jligg\u00f6ra allas delaktighet.<\/p>\n<p style=\"font-weight: 400;\">P\u00e5 senare \u00e5r har jag intresserat mig mer och mer f\u00f6r hur hj\u00e4rnan fungerar, vad som p\u00e5verkar v\u00e5r personlighet och neuropsykiatriska funktionsvariationer (som ADHD och autism). Sist men inte minst anser jag att ett normkritiskt t\u00e4nkande och perspektiv p\u00e5 makt och maktl\u00f6shet \u00e4r viktigt att h\u00e5lla aktuellt i psykosocialt arbete.<\/p>\n<p style=\"font-weight: 400;\"><strong>Exempel p\u00e5 handledningsuppdrag efter handledarexamen:<\/strong><\/p>\n<ul style=\"font-weight: 400;\">\n<li>Socialtj\u00e4nst; bl.a. myndighet barn &amp; ungdom, mottag, socialjour, familjev\u00e5rd, familjer\u00e4tt och socialtj\u00e4nstkonsulter<\/li>\n<li>Ut\u00f6kat hembes\u00f6ksprogram inom barnh\u00e4lsov\u00e5rden<\/li>\n<li>Boenden f\u00f6r ungdomar (ensamkommande och andra)<\/li>\n<li>Kvalificerade kontaktpersoner<\/li>\n<li>Elevh\u00e4lsopersonal och l\u00e4rare &#8211; olika konstellationer<\/li>\n<li>Olika typer av gruppverksamhet f\u00f6r barn och ungdomar<\/li>\n<\/ul>\n<p style=\"font-weight: 400;\"><em>Referenser finns.&nbsp;<\/em><\/p>\n<p style=\"text-align: right;\">\n","protected":false},"excerpt":{"rendered":"<p>Jag \u00e4r auktoriserad socionom med handledarutbildning (45 hp) och p\u00e5byggnadskurs i kreativa metoder (15 hp) samt en grundl\u00e4ggande psykoterapiutbildning (steg 1) med systemisk inriktning (30 hp). Min inriktning som socialarbetare \u00e4r att fokusera p\u00e5 det som fungerar och bygga vidare &hellip; <a href=\"https:\/\/samtalsomcirklar.se\/?page_id=21\">Forts\u00e4tt l\u00e4sa <span class=\"meta-nav\">&rarr;<\/span><\/a><\/p>\n","protected":false},"author":1,"featured_media":0,"parent":0,"menu_order":0,"comment_status":"closed","ping_status":"closed","template":"","meta":{"footnotes":""},"class_list":["post-21","page","type-page","status-publish","hentry"],"_links":{"self":[{"href":"https:\/\/samtalsomcirklar.se\/index.php?rest_route=\/wp\/v2\/pages\/21"}],"collection":[{"href":"https:\/\/samtalsomcirklar.se\/index.php?rest_route=\/wp\/v2\/pages"}],"about":[{"href":"https:\/\/samtalsomcirklar.se\/index.php?rest_route=\/wp\/v2\/types\/page"}],"author":[{"embeddable":true,"href":"https:\/\/samtalsomcirklar.se\/index.php?rest_route=\/wp\/v2\/users\/1"}],"replies":[{"embeddable":true,"href":"https:\/\/samtalsomcirklar.se\/index.php?rest_route=%2Fwp%2Fv2%2Fcomments&post=21"}],"version-history":[{"count":70,"href":"https:\/\/samtalsomcirklar.se\/index.php?rest_route=\/wp\/v2\/pages\/21\/revisions"}],"predecessor-version":[{"id":938,"href":"https:\/\/samtalsomcirklar.se\/index.php?rest_route=\/wp\/v2\/pages\/21\/revisions\/938"}],"wp:attachment":[{"href":"https:\/\/samtalsomcirklar.se\/index.php?rest_route=%2Fwp%2Fv2%2Fmedia&parent=21"}],"curies":[{"name":"wp","href":"https:\/\/api.w.org\/{rel}","templated":true}]}}